{"id":104,"date":"2015-09-23T16:06:42","date_gmt":"2015-09-23T14:06:42","guid":{"rendered":"http:\/\/ebner-markus.com\/?page_id=104"},"modified":"2023-12-12T13:03:54","modified_gmt":"2023-12-12T12:03:54","slug":"zertifizierungen-und-energie-label","status":"publish","type":"page","link":"https:\/\/www.ebner-technology.com\/de\/zertifizierungen-und-energie-label\/","title":{"rendered":"Zertifizierungen und Energie-Label"},"content":{"rendered":"<p><span style=\"color: #003079; font-size: 18pt;\"><strong>ZERTIFIZIERUNGEN<\/strong><\/span><\/p>\n<p>Wir verf\u00fcgen \u00fcber verschiedenste Zertifizierungen, welche\u00a0best\u00e4tigen, dass wir als Firma \u201eEBNER Technology KG\/SAS\u201c h\u00f6chsten qualtitativen Anspr\u00fcchen in den Bereichen der Solarthermie, hydraulischen Anlagen, Heiz-, K\u00fchl- und Klimaanlagen entsprechen.<\/p>\n<p><strong>Unsere Zertifizierungen:<\/strong><\/p>\n<p>seit dem 26. Juli 2014: <strong>UNI EN ISO 9001:2008 <\/strong>von ACM UKAS MANAGEMENT SYSTEMS, f\u00fcr unser internes Firmen-Management-System<\/p>\n<p>seit dem 15. M\u00e4rz 2016: <strong>ISO 14001:2004<\/strong> von LL-C Certification, f\u00fcr unser Umwelt-Management-System<\/p>\n<p>&nbsp;<\/p>\n<p>Deshalb, sind wir berechtigt, auf alle unsere Unterlagen folgende Zertifikat-Symbole zu setzen.<\/p>\n<p><a href=\"http:\/\/www.ebner-technology.com\/wp-content\/uploads\/2015\/09\/Logo-ISO.png\"><img loading=\"lazy\" class=\"wp-image-105 alignleft\" src=\"http:\/\/www.ebner-technology.com\/wp-content\/uploads\/2015\/09\/Logo-ISO.png\" alt=\"Logo ISO\" width=\"138\" height=\"79\" srcset=\"https:\/\/www.ebner-technology.com\/wp-content\/uploads\/2015\/09\/Logo-ISO.png 418w, https:\/\/www.ebner-technology.com\/wp-content\/uploads\/2015\/09\/Logo-ISO-300x172.png 300w, https:\/\/www.ebner-technology.com\/wp-content\/uploads\/2015\/09\/Logo-ISO-334x192.png 334w\" sizes=\"(max-width: 138px) 100vw, 138px\" \/><\/a><img loading=\"lazy\" class=\"alignnone wp-image-1882\" src=\"http:\/\/www.ebner-technology.com\/wp-content\/uploads\/2015\/09\/iso-14001-300x137.jpg\" alt=\"iso-14001\" width=\"200\" height=\"91\" srcset=\"https:\/\/www.ebner-technology.com\/wp-content\/uploads\/2015\/09\/iso-14001-300x137.jpg 300w, https:\/\/www.ebner-technology.com\/wp-content\/uploads\/2015\/09\/iso-14001.jpg 420w\" sizes=\"(max-width: 200px) 100vw, 200px\" \/><\/p>\n<p>&nbsp;<\/p>\n<p>Weiters sind unsere Produkte DIN, Keymark und T\u00dcV gepr\u00fcft und gew\u00e4hrleisten dadurch hohe Anforderungen an Material und Produktionsablauf.<\/p>\n<p><a href=\"http:\/\/www.ebner-technology.com\/wp-content\/uploads\/2015\/09\/SPF.png\"><img loading=\"lazy\" class=\"alignnone wp-image-109 size-full\" src=\"http:\/\/www.ebner-technology.com\/wp-content\/uploads\/2015\/09\/SPF.png\" alt=\"SPF\" width=\"284\" height=\"80\" \/><\/a> <a href=\"http:\/\/www.ebner-technology.com\/wp-content\/uploads\/2015\/09\/ENDIN.png\"><img loading=\"lazy\" class=\"alignnone wp-image-108 size-full\" src=\"http:\/\/www.ebner-technology.com\/wp-content\/uploads\/2015\/09\/ENDIN.png\" alt=\"ENDIN\" width=\"119\" height=\"117\" \/><\/a><a href=\"http:\/\/www.ebner-technology.com\/wp-content\/uploads\/2015\/09\/T\u00dcV.png\"><img loading=\"lazy\" class=\"alignnone wp-image-110 size-full\" src=\"http:\/\/www.ebner-technology.com\/wp-content\/uploads\/2015\/09\/T\u00dcV.png\" alt=\"T\u00dcV\" width=\"119\" height=\"117\" \/><\/a><\/p>\n<p>&nbsp;<\/p>\n<p><span style=\"font-size: 18pt;\"><span style=\"color: #003079;\"><b>ENERGIE-LABEL<\/b><\/span><\/span><\/p>\n<p><span style=\"font-size: 18pt;\"><span style=\"color: #003079;\"><a href=\"http:\/\/www.ebner-technology.com\/wp-content\/uploads\/2015\/09\/EL.png\"><img loading=\"lazy\" class=\"alignnone wp-image-106 size-full\" src=\"http:\/\/www.ebner-technology.com\/wp-content\/uploads\/2015\/09\/EL.png\" alt=\"EL\" width=\"555\" height=\"154\" srcset=\"https:\/\/www.ebner-technology.com\/wp-content\/uploads\/2015\/09\/EL.png 555w, https:\/\/www.ebner-technology.com\/wp-content\/uploads\/2015\/09\/EL-300x83.png 300w\" sizes=\"(max-width: 555px) 100vw, 555px\" \/><\/a><\/span><\/span><\/p>\n<p>Ab dem 26. September 2015 m\u00fcssen alle W\u00e4rmeerzeuger und Warmwasserspeicher mit einem Label (Energielabel, ErP-Label) zur Einstufung der Energieeffizienz gekennzeichnet werden. Diese <span style=\"font-size: 18pt;\"><span style=\"color: #003079;\"><a href=\"http:\/\/www.ebner-technology.com\/wp-content\/uploads\/2015\/09\/EL2.png\"><img loading=\"lazy\" class=\"alignright wp-image-107 size-medium\" src=\"http:\/\/www.ebner-technology.com\/wp-content\/uploads\/2015\/09\/EL2-213x300.png\" alt=\"EL2\" width=\"213\" height=\"300\" srcset=\"https:\/\/www.ebner-technology.com\/wp-content\/uploads\/2015\/09\/EL2-213x300.png 213w, https:\/\/www.ebner-technology.com\/wp-content\/uploads\/2015\/09\/EL2-136x192.png 136w, https:\/\/www.ebner-technology.com\/wp-content\/uploads\/2015\/09\/EL2.png 215w\" sizes=\"(max-width: 213px) 100vw, 213px\" \/><\/a><\/span><\/span>Einstufung muss bereits im Angebot ausgewiesen werden.<\/p>\n<p style=\"text-align: left;\">Uns Herstellern der betroffen Ger\u00e4te ist die neue EU-Richtlinie bereits bekannt, so dass die erforderlichen Label zur Verf\u00fcgung stehen. Neben der Kennzeichnung der einzelnen Komponenten wie W\u00e4rmeerzeuger und Warmwasserspeicher muss auch das gesamte System mit einem Label bewertet werden. <strong>Das sogenannte Verbund-Label.<\/strong><\/p>\n<p>Auch dieses Label wird von uns zur Verf\u00fcgung gestellt. Aber eben nur dann wenn alle Systemkomponenten aus einer Hand bezogen werden. F\u00fcr den Fall, dass Sie beispielsweise W\u00e4rmeerzeuger und Warmwasserspeicher von unterschiedlichen Lieferanten beziehen, wird das Verbundlabel von uns zur Verf\u00fcgung gestellt.<\/p>","protected":false},"excerpt":{"rendered":"<p>ZERTIFIZIERUNGEN Wir verf\u00fcgen \u00fcber verschiedenste Zertifizierungen, welche\u00a0best\u00e4tigen, dass wir als Firma \u201eEBNER Technology KG\/SAS\u201c h\u00f6chsten qualtitativen Anspr\u00fcchen in den Bereichen der Solarthermie, hydraulischen Anlagen, Heiz-, K\u00fchl- und Klimaanlagen entsprechen. Unsere Zertifizierungen: seit dem 26. Juli 2014: UNI EN ISO 9001:2008 von ACM UKAS MANAGEMENT SYSTEMS, f\u00fcr unser internes Firmen-Management-System seit dem 15. M\u00e4rz 2016: ISO &hellip; <a href=\"https:\/\/www.ebner-technology.com\/de\/zertifizierungen-und-energie-label\/\" class=\"more-link\"><span class=\"screen-reader-text\">Zertifizierungen und Energie-Label<\/span> weiterlesen<\/a><\/p>\n","protected":false},"author":1,"featured_media":106,"parent":0,"menu_order":0,"comment_status":"closed","ping_status":"closed","template":"","meta":{"_mi_skip_tracking":false,"spay_email":""},"_links":{"self":[{"href":"https:\/\/www.ebner-technology.com\/de\/wp-json\/wp\/v2\/pages\/104"}],"collection":[{"href":"https:\/\/www.ebner-technology.com\/de\/wp-json\/wp\/v2\/pages"}],"about":[{"href":"https:\/\/www.ebner-technology.com\/de\/wp-json\/wp\/v2\/types\/page"}],"author":[{"embeddable":true,"href":"https:\/\/www.ebner-technology.com\/de\/wp-json\/wp\/v2\/users\/1"}],"replies":[{"embeddable":true,"href":"https:\/\/www.ebner-technology.com\/de\/wp-json\/wp\/v2\/comments?post=104"}],"version-history":[{"count":16,"href":"https:\/\/www.ebner-technology.com\/de\/wp-json\/wp\/v2\/pages\/104\/revisions"}],"predecessor-version":[{"id":2646,"href":"https:\/\/www.ebner-technology.com\/de\/wp-json\/wp\/v2\/pages\/104\/revisions\/2646"}],"wp:featuredmedia":[{"embeddable":true,"href":"https:\/\/www.ebner-technology.com\/de\/wp-json\/wp\/v2\/media\/106"}],"wp:attachment":[{"href":"https:\/\/www.ebner-technology.com\/de\/wp-json\/wp\/v2\/media?parent=104"}],"curies":[{"name":"wp","href":"https:\/\/api.w.org\/{rel}","templated":true}]}}